{"id":7450,"date":"2023-03-18T12:58:20","date_gmt":"2023-03-18T11:58:20","guid":{"rendered":"https:\/\/wfdb.eu\/?page_id=7450"},"modified":"2023-03-27T17:04:36","modified_gmt":"2023-03-27T15:04:36","slug":"preventing-violence-abuse-and-exploitation","status":"publish","type":"page","link":"https:\/\/wfdb.eu\/wfdb-report-2022\/preventing-violence-abuse-and-exploitation\/","title":{"rendered":" Informe Global de la WFDB 2018"},"content":{"rendered":"\t\t<div data-elementor-type=\"wp-page\" data-elementor-id=\"7450\" class=\"elementor elementor-7450\">\n\t\t\t\t\t\t\t\t\t<section class=\"elementor-section elementor-top-section elementor-element elementor-element-d7eef04 elementor-section-height-min-height elementor-section-boxed elementor-section-height-default elementor-section-items-middle\" data-id=\"d7eef04\" data-element_type=\"section\" data-settings=\"{&quot;background_background&quot;:&quot;classic&quot;}\">\n\t\t\t\t\t\t<div class=\"elementor-container elementor-column-gap-default\">\n\t\t\t\t\t<div class=\"elementor-column elementor-col-100 elementor-top-column elementor-element elementor-element-1ff20a4\" data-id=\"1ff20a4\" data-element_type=\"column\">\n\t\t\t<div class=\"elementor-widget-wrap elementor-element-populated\">\n\t\t\t\t\t\t\t\t<div class=\"elementor-element elementor-element-2e23c52 elementor-widget elementor-widget-heading\" data-id=\"2e23c52\" data-element_type=\"widget\" data-widget_type=\"heading.default\">\n\t\t\t\t<div class=\"elementor-widget-container\">\n\t\t\t<h2 class=\"elementor-heading-title elementor-size-xxl\">Preventing and Responding to Violence, Abuse, and Exploitation<\/h2>\t\t<\/div>\n\t\t\t\t<\/div>\n\t\t\t\t\t<\/div>\n\t\t<\/div>\n\t\t\t\t\t\t\t<\/div>\n\t\t<\/section>\n\t\t\t\t<section class=\"elementor-section elementor-top-section elementor-element elementor-element-5d78a16 elementor-section-boxed elementor-section-height-default elementor-section-height-default\" data-id=\"5d78a16\" data-element_type=\"section\">\n\t\t\t\t\t\t<div class=\"elementor-container elementor-column-gap-default\">\n\t\t\t\t\t<div class=\"elementor-column elementor-col-33 elementor-top-column elementor-element elementor-element-597fa7a\" data-id=\"597fa7a\" data-element_type=\"column\">\n\t\t\t<div class=\"elementor-widget-wrap elementor-element-populated\">\n\t\t\t\t\t\t\t\t<div class=\"elementor-element elementor-element-ee309e2 elementor-toc--minimized-on-tablet elementor-widget elementor-widget-table-of-contents\" data-id=\"ee309e2\" data-element_type=\"widget\" data-settings=\"{&quot;headings_by_tags&quot;:[&quot;h3&quot;,&quot;h4&quot;,&quot;h5&quot;,&quot;h6&quot;],&quot;exclude_headings_by_selector&quot;:[],&quot;marker_view&quot;:&quot;bullets&quot;,&quot;icon&quot;:{&quot;value&quot;:&quot;fas fa-ellipsis-h&quot;,&quot;library&quot;:&quot;fa-solid&quot;},&quot;sticky&quot;:&quot;top&quot;,&quot;sticky_offset&quot;:125,&quot;sticky_parent&quot;:&quot;yes&quot;,&quot;minimize_box&quot;:&quot;yes&quot;,&quot;minimized_on&quot;:&quot;tablet&quot;,&quot;hierarchical_view&quot;:&quot;yes&quot;,&quot;min_height&quot;:{&quot;unit&quot;:&quot;px&quot;,&quot;size&quot;:&quot;&quot;,&quot;sizes&quot;:[]},&quot;min_height_tablet&quot;:{&quot;unit&quot;:&quot;px&quot;,&quot;size&quot;:&quot;&quot;,&quot;sizes&quot;:[]},&quot;min_height_mobile&quot;:{&quot;unit&quot;:&quot;px&quot;,&quot;size&quot;:&quot;&quot;,&quot;sizes&quot;:[]},&quot;sticky_on&quot;:[&quot;desktop&quot;,&quot;tablet&quot;,&quot;mobile&quot;],&quot;sticky_effects_offset&quot;:0}\" data-widget_type=\"table-of-contents.default\">\n\t\t\t\t<div class=\"elementor-widget-container\">\n\t\t\t\t\t<div class=\"elementor-toc__header\">\n\t\t\t<h4 class=\"elementor-toc__header-title\">\n\t\t\t\tPage Content\t\t\t<\/h4>\n\t\t\t\t\t\t\t<div class=\"elementor-toc__toggle-button elementor-toc__toggle-button--expand\"><i class=\"fas fa-chevron-down\"><\/i><\/div>\n\t\t\t\t<div class=\"elementor-toc__toggle-button elementor-toc__toggle-button--collapse\"><i class=\"fas fa-chevron-up\"><\/i><\/div>\n\t\t\t\t\t<\/div>\n\t\t<div class=\"elementor-toc__body\">\n\t\t\t<div class=\"elementor-toc__spinner-container\">\n\t\t\t\t<i class=\"elementor-toc__spinner eicon-animation-spin eicon-loading\" aria-hidden=\"true\"><\/i>\t\t\t<\/div>\n\t\t<\/div>\n\t\t\t\t<\/div>\n\t\t\t\t<\/div>\n\t\t\t\t\t<\/div>\n\t\t<\/div>\n\t\t\t\t<div class=\"elementor-column elementor-col-66 elementor-top-column elementor-element elementor-element-878f7ea\" data-id=\"878f7ea\" data-element_type=\"column\">\n\t\t\t<div class=\"elementor-widget-wrap elementor-element-populated\">\n\t\t\t\t\t\t\t\t<div class=\"elementor-element elementor-element-4e0c213 elementor-widget elementor-widget-text-editor\" data-id=\"4e0c213\" data-element_type=\"widget\" data-widget_type=\"text-editor.default\">\n\t\t\t\t<div class=\"elementor-widget-container\">\n\t\t\t\t\t\t\t<p>Several rights protect the safety and integrity of persons with deafblindness, including:<\/p><p>\u00a0<\/p><ul><li>Freedom from torture or cruel, inhuman, or degrading treatment or punishment<\/li><\/ul><ul><li>Freedom from violence, exploitation, and abuse<\/li><\/ul><ul><li>Protecting the integrity of the person<a href=\"#_edn1\" name=\"_ednref1\"><sup>[i]<\/sup><\/a>.<\/li><\/ul><p>There was a lack of literature in the literature review on violence, exploitation, and abuse of persons with deafblindness, and the quantitative research did not show significant findings on the supervision of children with deafblindness. This was largely because of the way that the quantitative data was captured (e.g., by asking caregivers) which results in underreporting. However, even if there is underreporting of incidents of violence, this does not mean that violence is not happening.<\/p><p>\u00a0<\/p><p>The field experiences of WFDB and Sense International are that persons with deafblindness are at increased risk of violence, including forced sterilisation, gender-based violence, bullying and harassment, sexual violence, emotional violence and neglect, and physical violence in the home, at work, in institutions and residential facilities, and in the community. Data on children with disabilities show that they are three to four times as likely to be survivors of violence than children without disabilities<a href=\"#_edn2\" name=\"_ednref2\"><sup>[ii]<\/sup><\/a>, and women with disabilities experience up to ten times more violence than women without disabilities<a href=\"#_edn3\" name=\"_ednref3\"><sup>[iii]<\/sup><\/a>. There is little data on violence against persons with deafblindness. However, this data on persons with disabilities, in general, demonstrates the pervasive nature of violence and the risks to persons with deafblindness, as a highly marginalised group within the wider group of persons with disabilities.<\/p><p>\u00a0<\/p><p>Some of the key risk factors affecting persons with deafblindness include:<\/p><p>\u00a0<\/p><ul><li>Lack of support to develop communication skills or access to information or reporting mechanisms. For example, families may hide persons with deafblindness from the community, blocking access to reporting mechanisms. In addition, they may lack awareness of what constitutes violence, which can be difficult if they rely on touch for communication<\/li><\/ul><ul><li>Caretaker dependency may result in domestic abuse, child abuse, or institutional abuse. A lack of supports for families can add to the stresses and lead to harmful practices of \u2018managing\u2019 persons with deafblindness, especially in poor families. For example, a child with deafblindness in Uganda may be left at home unattended or locked up, if the parent needs to work but has no access to childcare, leaving them at risk and subjecting them to inhuman conditions<\/li><\/ul><ul><li>Exclusion from sexual and reproductive education programmes that provide information on gender-based violence and sexual violence<a href=\"#_edn4\" name=\"_ednref4\"><sup>[iv]<\/sup><\/a>.<\/li><\/ul><p>Though there is increasing awareness of violence against persons with disabilities, there is little attention to the deafblindness-specific risk factors and little awareness raising within deafblind communities across all countries.<\/p><hr \/><p>\u00a0<\/p><p><a href=\"#_ednref1\" name=\"_edn1\"><sup>[i]<\/sup><\/a> Convention on the Rights of Persons with Disabilities, A\/RES\/61\/106, 13 December 2006, Articles 15, 16, and 17.<\/p><p><a href=\"#_ednref2\" name=\"_edn2\"><sup>[ii]<\/sup><\/a> UNICEF, <em>The State of the World\u2019s Children 2013 \u2013 Violence against Children with Disabilities<\/em>, <a href=\"https:\/\/www.un-ilibrary.org\/content\/books\/9789210597593\">https:\/\/www.un-ilibrary.org\/content\/books\/9789210597593<\/a>, p. 11-29.<\/p><p><a href=\"#_ednref3\" name=\"_edn3\"><sup>[iii]<\/sup><\/a> UNFPA, Young Persons with Disabilities: Global Study on Ending Gender-Based Violence, and Realising Sexual and Reproductive Health and Rights, <a href=\"https:\/\/www.unfpa.org\/sites\/default\/files\/pub-pdf\/Final_Global_Study_English_3_Oct.pdf\">https:\/\/www.unfpa.org\/sites\/default\/files\/pub-pdf\/Final_Global_Study_English_3_Oct.pdf<\/a>, 2018.<\/p><p><a href=\"#_ednref4\" name=\"_edn4\"><sup>[iv]<\/sup><\/a> Sense International Uganda, The Economic Impact of Caring for a Child with Deafblindness \/ Multi-Sensory Impairment, November 2019, p. 58; World Federation of the Deafblind, <em>At risk of exclusion from CRPD and SDG implementation: Inequality and Persons with Deafblindness<\/em>, <a href=\"https:\/\/wfdb.eu\/wfdb-report-2018\/\">https:\/\/wfdb.eu\/wfdb-report-2018\/<\/a>, September 2018, p. 35, 41, and 43-46.<\/p>\t\t\t\t\t\t<\/div>\n\t\t\t\t<\/div>\n\t\t\t\t<div class=\"elementor-element elementor-element-5027090 elementor-widget-divider--separator-type-pattern elementor-widget-divider--view-line elementor-widget elementor-widget-divider\" data-id=\"5027090\" data-element_type=\"widget\" data-widget_type=\"divider.default\">\n\t\t\t\t<div class=\"elementor-widget-container\">\n\t\t\t\t\t<div class=\"elementor-divider\" style=\"--divider-pattern-url: url(&quot;data:image\/svg+xml,%3Csvg xmlns=&#039;http:\/\/www.w3.org\/2000\/svg&#039; preserveAspectRatio=&#039;none&#039; overflow=&#039;visible&#039; height=&#039;100%&#039; viewBox=&#039;0 0 20 16&#039; fill=&#039;none&#039; stroke=&#039;black&#039; stroke-width=&#039;1&#039; stroke-linecap=&#039;square&#039; stroke-miterlimit=&#039;10&#039;%3E%3Cg transform=&#039;translate(-12.000000, 0)&#039;%3E%3Cpath d=&#039;M28,0L10,18&#039;\/%3E%3Cpath d=&#039;M18,0L0,18&#039;\/%3E%3Cpath d=&#039;M48,0L30,18&#039;\/%3E%3Cpath d=&#039;M38,0L20,18&#039;\/%3E%3C\/g%3E%3C\/svg%3E&quot;);\">\n\t\t\t<span class=\"elementor-divider-separator\">\n\t\t\t\t\t\t<\/span>\n\t\t<\/div>\n\t\t\t\t<\/div>\n\t\t\t\t<\/div>\n\t\t\t\t<div class=\"elementor-element elementor-element-a109536 elementor-widget elementor-widget-heading\" data-id=\"a109536\" data-element_type=\"widget\" data-widget_type=\"heading.default\">\n\t\t\t\t<div class=\"elementor-widget-container\">\n\t\t\t<h5 class=\"elementor-heading-title elementor-size-default\">Good Practices<\/h5>\t\t<\/div>\n\t\t\t\t<\/div>\n\t\t\t\t<div class=\"elementor-element elementor-element-e043843 elementor-widget elementor-widget-text-editor\" data-id=\"e043843\" data-element_type=\"widget\" data-widget_type=\"text-editor.default\">\n\t\t\t\t<div class=\"elementor-widget-container\">\n\t\t\t\t\t\t\t<p>To understand the prevalence and nature of violence against persons with deafblindness, more targeted quantitative and qualitative research is needed. Research that is conducted on violence against persons with disabilities should include persons with deafblindness to ensure that they are not excluded from the research. This may require time-consuming and costlier steps to identify persons with deafblindness and to overcome the communication barriers and stigma of discussing violence. However, working with OPDs of persons with deafblindness, service providers, and parents\u2019 groups can help identify persons with deafblindness in the community that have experienced violence. In some instances, persons with deafblindness may require sensitisation on what constitutes violence, depending on their communication abilities and existing understanding of violence.<\/p><p>\u00a0<\/p><p>Research on violence should consider the programmatic interventions to prevent and respond to situations of violence once identified as part of the research programme. Some elements for preventing and responding to violence against persons with deafblindness include:<\/p><p>\u00a0<\/p><ul><li><strong>Supports for families<\/strong> <strong>and caregivers<\/strong> to address the risks of violence (e.g., social protection \/ caregivers\u2019 salaries, child- or adult-care services, access to education to ensure children with deafblindness are not out of school, respite care, and other community-based supports)<\/li><\/ul><p>\u00a0<\/p><ul><li><strong>Guidance to social workers, schools, health centres<\/strong>, etc. on recognising the risks, patterns, and signs of abuse of persons with deafblindness<\/li><\/ul><p>\u00a0<\/p><ul><li><strong>Information on how to report violence<\/strong> available in accessible formats and targeted education programmes aimed at persons with deafblindness to raise their awareness<\/li><\/ul><p>\u00a0<\/p><ul><li><strong>Inclusive and accessible sexual and reproductive health education programmes<\/strong> that consider the requirements of persons with deafblindness (e.g., interpreter-guides\/Deafblind interpreters, accessible information, assistive devices, etc.)<\/li><\/ul><p>\u00a0<\/p><ul><li><strong>Inclusive measures in violence prevention and response programmes<\/strong> for the wider community, including access to interpreter-guides\/Deafblind interpreters, information in accessible formats, assistive devices, etc.<\/li><\/ul><p>\u00a0<\/p><ul><li><strong>Training for interpreter-guides\/Deafblind interpreters, CBR workers,<\/strong> <strong>teachers, and other intermediaries <\/strong>on their responsibilities in identifying the risks and interventions to prevent and respond to violence<\/li><\/ul><p>\u00a0<\/p><ul><li><strong>Training and guidance for professionals within the justice system<\/strong>, such as police, lawyers, and judges to facilitate access to justice<a href=\"#_edn1\" name=\"_ednref1\"><sup>[i]<\/sup><\/a>.<\/li><\/ul><p><a href=\"#_ednref1\" name=\"_edn1\"><sup>[i]<\/sup><\/a> Sense International Uganda, The Economic Impact of Caring for a Child with Deafblindness \/ Multi-Sensory Impairment, November 2019, p. 58; World Bank, Five facts to know about violence against women and girls with disabilities, <a href=\"https:\/\/blogs.worldbank.org\/sustainablecities\/five-facts-know-about-violence-against-women-and-girls-disabilities\">https:\/\/blogs.worldbank.org\/sustainablecities\/five-facts-know-about-violence-against-women-and-girls-disabilities<\/a>, 5 December 2019.<\/p>\t\t\t\t\t\t<\/div>\n\t\t\t\t<\/div>\n\t\t\t\t<div class=\"elementor-element elementor-element-da22041 elementor-widget-divider--separator-type-pattern elementor-widget-divider--view-line elementor-widget elementor-widget-divider\" data-id=\"da22041\" data-element_type=\"widget\" data-widget_type=\"divider.default\">\n\t\t\t\t<div class=\"elementor-widget-container\">\n\t\t\t\t\t<div class=\"elementor-divider\" style=\"--divider-pattern-url: url(&quot;data:image\/svg+xml,%3Csvg xmlns=&#039;http:\/\/www.w3.org\/2000\/svg&#039; preserveAspectRatio=&#039;none&#039; overflow=&#039;visible&#039; height=&#039;100%&#039; viewBox=&#039;0 0 20 16&#039; fill=&#039;none&#039; stroke=&#039;black&#039; stroke-width=&#039;1&#039; stroke-linecap=&#039;square&#039; stroke-miterlimit=&#039;10&#039;%3E%3Cg transform=&#039;translate(-12.000000, 0)&#039;%3E%3Cpath d=&#039;M28,0L10,18&#039;\/%3E%3Cpath d=&#039;M18,0L0,18&#039;\/%3E%3Cpath d=&#039;M48,0L30,18&#039;\/%3E%3Cpath d=&#039;M38,0L20,18&#039;\/%3E%3C\/g%3E%3C\/svg%3E&quot;);\">\n\t\t\t<span class=\"elementor-divider-separator\">\n\t\t\t\t\t\t<\/span>\n\t\t<\/div>\n\t\t\t\t<\/div>\n\t\t\t\t<\/div>\n\t\t\t\t<div class=\"elementor-element elementor-element-e405079 elementor-widget elementor-widget-heading\" data-id=\"e405079\" data-element_type=\"widget\" data-widget_type=\"heading.default\">\n\t\t\t\t<div class=\"elementor-widget-container\">\n\t\t\t<h5 class=\"elementor-heading-title elementor-size-default\">Recommendations<\/h5>\t\t<\/div>\n\t\t\t\t<\/div>\n\t\t\t\t<div class=\"elementor-element elementor-element-faba1a1 elementor-widget elementor-widget-text-editor\" data-id=\"faba1a1\" data-element_type=\"widget\" data-widget_type=\"text-editor.default\">\n\t\t\t\t<div class=\"elementor-widget-container\">\n\t\t\t\t\t\t\t<p><strong>All<\/strong><\/p><ul><li>Ensure all programmes aimed at preventing and responding to violence include persons with disabilities, including deafblindness-specific interventions, such as access to interpreter-guides\/Deafblind interpreters, accessible information, and teaching approaches to build understanding and resilience of persons with deafblindness who are at risk<\/li><\/ul><p><strong>\u00a0<\/strong><\/p><p><strong>Governments<\/strong><\/p><ul><li>Recognise the links between lack of supports to persons with deafblindness and their families and increased risks of violence<\/li><\/ul><ul><li>Improve access to interpreter-guides\/Deafblind interpreters and information in accessible formats for persons with deafblindness on systems for reporting and responding to violence<\/li><\/ul><ul><li>Incorporate information into education, health, and CBR programmes, including sexual and reproductive health education, to help persons with deafblindness to recognise and report violence. This includes training and guidance for professionals working with persons with deafblindness on identifying the risks, patterns, and signs, as well as good practice for responding to violence<\/li><\/ul><ul><li>Provide support to persons with deafblindness to respond to violence and ensure continuity of care and support to re-build their networks (e.g., through community-based interventions and independent living programmes), if affected<\/li><\/ul><p><strong>\u00a0<\/strong><\/p><p><strong>OPDs and NGOs<\/strong><\/p><ul><li>Work with intermediaries of persons with deafblindness (e.g., interpreter-guides\/Deafblind interpreters, teachers, health and rehabilitation worker, etc.) to build their capacities on safeguarding approaches and how to identify and respond to violence<\/li><\/ul><ul><li>Provide training to the justice sector on methods for supporting persons with deafblindness within the system<\/li><\/ul><ul><li>Increase internal awareness of violence against persons with deafblindness and establish programmatic approaches and procedures for serving as a \u2018safe haven\u2019 or \u2018first response\u2019 for persons with deafblindness. This may involve discussing violence with persons with deafblindness, offering advice and information, and liaising with police, health centres, and other stakeholders relevant to cases of violence<\/li><\/ul><ul><li>Work with research institutes to encourage research on violence against persons with deafblindness<\/li><\/ul><p><strong>\u00a0<\/strong><\/p><p><strong>Donors and Research Institutes<\/strong><\/p><ul><li>Conduct targeted quantitative and qualitative research on violence against persons with deafblindness and ensure that research aimed at violence against persons with disabilities includes persons with deafblindness<\/li><li>Fund pilot programmes to test interventions that prevent and respond to violence against persons with deafblindness and to bring it out of the shadows.<\/li><\/ul>\t\t\t\t\t\t<\/div>\n\t\t\t\t<\/div>\n\t\t\t\t\t<\/div>\n\t\t<\/div>\n\t\t\t\t\t\t\t<\/div>\n\t\t<\/section>\n\t\t\t\t<section class=\"elementor-section elementor-top-section elementor-element elementor-element-b01c6c5 elementor-section-boxed elementor-section-height-default elementor-section-height-default\" data-id=\"b01c6c5\" data-element_type=\"section\">\n\t\t\t\t\t\t<div class=\"elementor-container elementor-column-gap-default\">\n\t\t\t\t\t<div class=\"elementor-column elementor-col-33 elementor-top-column elementor-element elementor-element-399093b\" data-id=\"399093b\" data-element_type=\"column\">\n\t\t\t<div class=\"elementor-widget-wrap\">\n\t\t\t\t\t\t\t\t\t<\/div>\n\t\t<\/div>\n\t\t\t\t<div class=\"elementor-column elementor-col-33 elementor-top-column elementor-element elementor-element-62fe4b9\" data-id=\"62fe4b9\" data-element_type=\"column\">\n\t\t\t<div class=\"elementor-widget-wrap elementor-element-populated\">\n\t\t\t\t\t\t\t\t<div class=\"elementor-element elementor-element-c10543e elementor-align-left elementor-widget elementor-widget-button\" data-id=\"c10543e\" data-element_type=\"widget\" data-widget_type=\"button.default\">\n\t\t\t\t<div class=\"elementor-widget-container\">\n\t\t\t\t\t<div class=\"elementor-button-wrapper\">\n\t\t\t<a href=\"https:\/\/wfdb.eu\/wfdb-report-2022\/recration-and-social-life\/\" class=\"elementor-button-link elementor-button elementor-size-sm\" role=\"button\">\n\t\t\t\t\t\t<span class=\"elementor-button-content-wrapper\">\n\t\t\t\t\t\t<span class=\"elementor-button-text\">Return to recreation and participation in social life<\/span>\n\t\t<\/span>\n\t\t\t\t\t<\/a>\n\t\t<\/div>\n\t\t\t\t<\/div>\n\t\t\t\t<\/div>\n\t\t\t\t\t<\/div>\n\t\t<\/div>\n\t\t\t\t<div class=\"elementor-column elementor-col-33 elementor-top-column elementor-element elementor-element-52a179d\" data-id=\"52a179d\" data-element_type=\"column\">\n\t\t\t<div class=\"elementor-widget-wrap elementor-element-populated\">\n\t\t\t\t\t\t\t\t<div class=\"elementor-element elementor-element-0ecd187 elementor-align-right elementor-widget elementor-widget-button\" data-id=\"0ecd187\" data-element_type=\"widget\" data-widget_type=\"button.default\">\n\t\t\t\t<div class=\"elementor-widget-container\">\n\t\t\t\t\t<div class=\"elementor-button-wrapper\">\n\t\t\t<a href=\"https:\/\/wfdb.eu\/wfdb-report-2022\/uganda\/\" class=\"elementor-button-link elementor-button elementor-size-sm\" role=\"button\">\n\t\t\t\t\t\t<span class=\"elementor-button-content-wrapper\">\n\t\t\t\t\t\t<span class=\"elementor-button-text\">Continue to the next chapter<\/span>\n\t\t<\/span>\n\t\t\t\t\t<\/a>\n\t\t<\/div>\n\t\t\t\t<\/div>\n\t\t\t\t<\/div>\n\t\t\t\t\t<\/div>\n\t\t<\/div>\n\t\t\t\t\t\t\t<\/div>\n\t\t<\/section>\n\t\t\t\t\t\t\t<\/div>\n\t\t","protected":false},"excerpt":{"rendered":"<p>Este informe de la situaci\u00f3n de las personas con sordoceguera busca dar comienzo a un di\u00e1logo entre las partes interesadas a nivel internacional y est\u00e1 basado en las investigaciones, combinando el mayor an\u00e1lisis basado en poblaci\u00f3n sobre personas con sordoceguera realizado hasta la fecha, revisi\u00f3n bibliogr\u00e1fica, y dos encuestas realizadas a miembros y asociados de WFDB y Sense Internacional. <\/p>\n","protected":false},"author":4,"featured_media":1890,"parent":7206,"menu_order":0,"comment_status":"closed","ping_status":"closed","template":"elementor_header_footer","meta":{"footnotes":""},"categories":[],"tags":[],"class_list":["post-7450","page","type-page","status-publish","has-post-thumbnail","hentry"],"jetpack_sharing_enabled":true,"_links":{"self":[{"href":"https:\/\/wfdb.eu\/wp-json\/wp\/v2\/pages\/7450","targetHints":{"allow":["GET"]}}],"collection":[{"href":"https:\/\/wfdb.eu\/wp-json\/wp\/v2\/pages"}],"about":[{"href":"https:\/\/wfdb.eu\/wp-json\/wp\/v2\/types\/page"}],"author":[{"embeddable":true,"href":"https:\/\/wfdb.eu\/wp-json\/wp\/v2\/users\/4"}],"replies":[{"embeddable":true,"href":"https:\/\/wfdb.eu\/wp-json\/wp\/v2\/comments?post=7450"}],"version-history":[{"count":7,"href":"https:\/\/wfdb.eu\/wp-json\/wp\/v2\/pages\/7450\/revisions"}],"predecessor-version":[{"id":7617,"href":"https:\/\/wfdb.eu\/wp-json\/wp\/v2\/pages\/7450\/revisions\/7617"}],"up":[{"embeddable":true,"href":"https:\/\/wfdb.eu\/wp-json\/wp\/v2\/pages\/7206"}],"wp:featuredmedia":[{"embeddable":true,"href":"https:\/\/wfdb.eu\/wp-json\/wp\/v2\/media\/1890"}],"wp:attachment":[{"href":"https:\/\/wfdb.eu\/wp-json\/wp\/v2\/media?parent=7450"}],"wp:term":[{"taxonomy":"category","embeddable":true,"href":"https:\/\/wfdb.eu\/wp-json\/wp\/v2\/categories?post=7450"},{"taxonomy":"post_tag","embeddable":true,"href":"https:\/\/wfdb.eu\/wp-json\/wp\/v2\/tags?post=7450"}],"curies":[{"name":"wp","href":"https:\/\/api.w.org\/{rel}","templated":true}]}}