{"id":7444,"date":"2023-03-18T12:56:56","date_gmt":"2023-03-18T11:56:56","guid":{"rendered":"https:\/\/wfdb.eu\/?page_id=7444"},"modified":"2023-03-27T17:04:53","modified_gmt":"2023-03-27T15:04:53","slug":"social-protection","status":"publish","type":"page","link":"https:\/\/wfdb.eu\/wfdb-report-2022\/social-protection\/","title":{"rendered":" Informe Global de la WFDB 2018"},"content":{"rendered":"\t\t<div data-elementor-type=\"wp-page\" data-elementor-id=\"7444\" class=\"elementor elementor-7444\">\n\t\t\t\t\t\t\t\t\t<section class=\"elementor-section elementor-top-section elementor-element elementor-element-d7eef04 elementor-section-height-min-height elementor-section-boxed elementor-section-height-default elementor-section-items-middle\" data-id=\"d7eef04\" data-element_type=\"section\" data-settings=\"{&quot;background_background&quot;:&quot;classic&quot;}\">\n\t\t\t\t\t\t<div class=\"elementor-container elementor-column-gap-default\">\n\t\t\t\t\t<div class=\"elementor-column elementor-col-100 elementor-top-column elementor-element elementor-element-1ff20a4\" data-id=\"1ff20a4\" data-element_type=\"column\">\n\t\t\t<div class=\"elementor-widget-wrap elementor-element-populated\">\n\t\t\t\t\t\t\t\t<div class=\"elementor-element elementor-element-2e23c52 elementor-widget elementor-widget-heading\" data-id=\"2e23c52\" data-element_type=\"widget\" data-widget_type=\"heading.default\">\n\t\t\t\t<div class=\"elementor-widget-container\">\n\t\t\t<h2 class=\"elementor-heading-title elementor-size-xxl\">Social protection<\/h2>\t\t<\/div>\n\t\t\t\t<\/div>\n\t\t\t\t\t<\/div>\n\t\t<\/div>\n\t\t\t\t\t\t\t<\/div>\n\t\t<\/section>\n\t\t\t\t<section class=\"elementor-section elementor-top-section elementor-element elementor-element-5d78a16 elementor-section-boxed elementor-section-height-default elementor-section-height-default\" data-id=\"5d78a16\" data-element_type=\"section\">\n\t\t\t\t\t\t<div class=\"elementor-container elementor-column-gap-default\">\n\t\t\t\t\t<div class=\"elementor-column elementor-col-33 elementor-top-column elementor-element elementor-element-597fa7a\" data-id=\"597fa7a\" data-element_type=\"column\">\n\t\t\t<div class=\"elementor-widget-wrap elementor-element-populated\">\n\t\t\t\t\t\t\t\t<div class=\"elementor-element elementor-element-ee309e2 elementor-toc--minimized-on-tablet elementor-widget elementor-widget-table-of-contents\" data-id=\"ee309e2\" data-element_type=\"widget\" data-settings=\"{&quot;headings_by_tags&quot;:[&quot;h3&quot;,&quot;h4&quot;,&quot;h5&quot;,&quot;h6&quot;],&quot;exclude_headings_by_selector&quot;:[],&quot;marker_view&quot;:&quot;bullets&quot;,&quot;icon&quot;:{&quot;value&quot;:&quot;fas fa-ellipsis-h&quot;,&quot;library&quot;:&quot;fa-solid&quot;},&quot;sticky&quot;:&quot;top&quot;,&quot;sticky_offset&quot;:125,&quot;sticky_parent&quot;:&quot;yes&quot;,&quot;minimize_box&quot;:&quot;yes&quot;,&quot;minimized_on&quot;:&quot;tablet&quot;,&quot;hierarchical_view&quot;:&quot;yes&quot;,&quot;min_height&quot;:{&quot;unit&quot;:&quot;px&quot;,&quot;size&quot;:&quot;&quot;,&quot;sizes&quot;:[]},&quot;min_height_tablet&quot;:{&quot;unit&quot;:&quot;px&quot;,&quot;size&quot;:&quot;&quot;,&quot;sizes&quot;:[]},&quot;min_height_mobile&quot;:{&quot;unit&quot;:&quot;px&quot;,&quot;size&quot;:&quot;&quot;,&quot;sizes&quot;:[]},&quot;sticky_on&quot;:[&quot;desktop&quot;,&quot;tablet&quot;,&quot;mobile&quot;],&quot;sticky_effects_offset&quot;:0}\" data-widget_type=\"table-of-contents.default\">\n\t\t\t\t<div class=\"elementor-widget-container\">\n\t\t\t\t\t<div class=\"elementor-toc__header\">\n\t\t\t<h4 class=\"elementor-toc__header-title\">\n\t\t\t\tPage Content\t\t\t<\/h4>\n\t\t\t\t\t\t\t<div class=\"elementor-toc__toggle-button elementor-toc__toggle-button--expand\"><i class=\"fas fa-chevron-down\"><\/i><\/div>\n\t\t\t\t<div class=\"elementor-toc__toggle-button elementor-toc__toggle-button--collapse\"><i class=\"fas fa-chevron-up\"><\/i><\/div>\n\t\t\t\t\t<\/div>\n\t\t<div class=\"elementor-toc__body\">\n\t\t\t<div class=\"elementor-toc__spinner-container\">\n\t\t\t\t<i class=\"elementor-toc__spinner eicon-animation-spin eicon-loading\" aria-hidden=\"true\"><\/i>\t\t\t<\/div>\n\t\t<\/div>\n\t\t\t\t<\/div>\n\t\t\t\t<\/div>\n\t\t\t\t\t<\/div>\n\t\t<\/div>\n\t\t\t\t<div class=\"elementor-column elementor-col-66 elementor-top-column elementor-element elementor-element-878f7ea\" data-id=\"878f7ea\" data-element_type=\"column\">\n\t\t\t<div class=\"elementor-widget-wrap elementor-element-populated\">\n\t\t\t\t\t\t\t\t<div class=\"elementor-element elementor-element-4e0c213 elementor-widget elementor-widget-text-editor\" data-id=\"4e0c213\" data-element_type=\"widget\" data-widget_type=\"text-editor.default\">\n\t\t\t\t<div class=\"elementor-widget-container\">\n\t\t\t\t\t\t\t<p>Persons with deafblindness have a right to an adequate standard of living for themselves and their families, including food, housing, water, clothing, and the continuous improvement of living conditions. This involves access to social protection schemes and poverty reduction programmes that are mainstream (e.g., public housing, retirement age pension, unemployment assistance, etc.) and disability-specific (e.g., assistance with disability-related expenses or extra cost of disability and respite care)<a href=\"#_edn1\" name=\"_ednref1\"><sup>[i]<\/sup><\/a>.<\/p><p>\u00a0<\/p><p>Based on WFDB\u2019s research in 2018, households with persons with deafblindness in some countries were more likely to be in the bottom 40% in terms of socio-economic status compared to households with no members with disabilities<a href=\"#_edn2\" name=\"_ednref2\"><sup>[ii]<\/sup><\/a>. Based on data from 36 countries in the MICS, children with deafblindness were 30% more likely to live in poverty compared to children without disabilities in upper middle-income countries. A household with a person with deafblindness affects the whole family, especially where there are limited or no community-based or social supports<a href=\"#_edn3\" name=\"_ednref3\"><sup>[iii]<\/sup><\/a>.<\/p><p>\u00a0<\/p><p><strong>It requires a lot of time and money to care for children with deafblindness and in some cases it means employing somebody\u2026 to directly take care of the child if you are employed. In terms of medication, these children often need frequent medical check-ups, catering for medical bills, and transport. If the child is enrolled in school, it will require the caregiver to provide that child with communication and mobility (devices), or an interpreter-guide(\/Deafblind interpreter), which escalates the cost. <\/strong>&#8211; Key informant from Sense International Uganda\u2019s study on caring for a child with deafblindness<a href=\"#_edn4\" name=\"_ednref4\"><sup>[iv]<\/sup><\/a><\/p><p>\u00a0<\/p><p>In most low- and middle-income countries, social protection schemes tend to focus on basic poverty-related issues or being able to work and do not cover the extra costs related to disability<a href=\"#_edn5\" name=\"_ednref5\"><sup>[v]<\/sup><\/a>. Extra costs of having deafblindness vary depending on individual needs and whether services are provided by the State, but some examples include:<\/p><p><strong>\u00a0<\/strong><\/p><ul><li>Assistive devices (e.g., glasses, magnifiers, Braille machines and supplies, hearing aids, red and white cane, etc.)<\/li><\/ul><p>\u00a0<\/p><ul><li>Live assistance (e.g., interpreter-guides\/Deafblind interpreters, personal assistants, private carers, private tutor \/ teaching assistant, childcare, family member serving as a carer and taking time off work, etc.)<\/li><\/ul><p>\u00a0<\/p><ul><li>Accessible transportation<\/li><\/ul><p>\u00a0<\/p><ul><li>Adaptations to the home<\/li><\/ul><p>\u00a0<\/p><ul><li>Tuition at a private school and school meals, especially if public schools will not enrol a child with deafblindness<\/li><\/ul><p>\u00a0<\/p><ul><li>Health and rehabilitation expenses (e.g., diagnosis, check-ups, screenings and assessments, tests, communication and rehabilitation services, medication, surgery, etc.)<a href=\"#_edn6\" name=\"_ednref6\"><sup>[vi]<\/sup><\/a>.<\/li><\/ul><p>\u00a0<\/p><p>To receive social protection benefits to cover these costs, children and adults with deafblindness are usually required to provide proof of eligibility, including proof of identity and proof of disability. Data from 36 countries in the MICS showed that approximately half of young children with deafblindness aged 2-4 years had their birth officially registered compared to 61% of children with other disabilities and 73% of children without disabilities. This varied widely by region with 28% in Sub-Saharan Africa to 100% in North Africa and West Asia. Registration also varied by country income level, with almost all children with deafblindness registered in middle-income countries but only 26% registered in low-income countries. The research did not explore the reasons for unregistered births. For the full country data, see Table 5, Annex 1.<\/p><p>\u00a0<\/p><p>Lack of personal identification, such as birth certificates, creates a barrier for individuals and families in accessing social protection. In addition, if deafblindness is not legally recognised or not understood by health providers, their disability may not be accurately identified for social protection eligibility, which can affect the application of social protection supports. This often happens when deafblindness is not recognised and persons with deafblindness are forced to choose their disability identification between deaf or blind. In these instances, the social protection interventions are often tailored to the chosen group (e.g., free access to guiding services for the blind or entitlement to sign language interpretation for the deaf), which are insufficient for most persons with deafblindness. Disability identification can affect the types of social protection supports as well as the amount of money that certain groups are entitled to. For example, if deafblindness is recognised as a vulnerable group, they may have faster access to support in an emergency.<\/p><p>\u00a0<\/p><p>The analysis of the data from 36 countries in the MICS did not reveal a difference between children with deafblindness and children with other disabilities or no disabilities in terms of having both biological parents present in households. However, this data does not match the literature or WFDB\u2019s or Sense International\u2019s field experience. For example, a study in Uganda revealed that parental abandonment and single-parent households were often the result of conflict related to the identification of deafblindness in the child and blame for the disability attributed to mothers. The capacity of single-parent households with children with deafblindness to meet basic needs is significantly reduced due to the caring responsibilities<a href=\"#_edn7\" name=\"_ednref7\"><sup>[vii]<\/sup><\/a>. More targeted research is needed to better understand the links between poverty and persons with deafblindness, including the prevalence and impact of deafblindness in single-parent households.<\/p><p>\u00a0<\/p><p>Where social protection measures are in place, respondents to WFDB\u2019s survey noted that information on available schemes and guidance on eligibility requirements are often difficult to navigate.<\/p><p><a href=\"#_ednref1\" name=\"_edn1\"><sup>[i]<\/sup><\/a> Convention on the Rights of Persons with Disabilities, A\/RES\/61\/106, 13 December 2006, Article 28.<\/p><p><a href=\"#_ednref2\" name=\"_edn2\"><sup>[ii]<\/sup><\/a> World Federation of the Deafblind, <em>At risk of exclusion from CRPD and SDG implementation: Inequality and Persons with Deafblindness<\/em>, <a href=\"https:\/\/wfdb.eu\/wfdb-report-2018\/\">https:\/\/wfdb.eu\/wfdb-report-2018\/<\/a>, September 2018, p. 18.<\/p><p><a href=\"#_ednref3\" name=\"_edn3\"><sup>[iii]<\/sup><\/a> Sense International Uganda, The Economic Impact of Caring for a Child with Deafblindness \/ Multi-Sensory Impairment, November 2019, p. 32.<\/p><p><a href=\"#_ednref4\" name=\"_edn4\"><sup>[iv]<\/sup><\/a> <em>Ibid<\/em>., p. 29-30.<\/p><p><a href=\"#_ednref5\" name=\"_edn5\"><sup>[v]<\/sup><\/a> World Federation of the Deafblind, <em>At risk of exclusion from CRPD and SDG implementation: Inequality and Persons with Deafblindness<\/em>, <a href=\"https:\/\/wfdb.eu\/wfdb-report-2018\/\">https:\/\/wfdb.eu\/wfdb-report-2018\/<\/a>, September 2018, p. 19.<\/p><p><a href=\"#_ednref6\" name=\"_edn6\"><sup>[vi]<\/sup><\/a> Sense International Uganda, The Economic Impact of Caring for a Child with Deafblindness \/ Multi-Sensory Impairment, November 2019, p. 31-32.<\/p><p><a href=\"#_ednref7\" name=\"_edn7\"><sup>[vii]<\/sup><\/a> <em>Ibid<\/em>., p. 36.<\/p>\t\t\t\t\t\t<\/div>\n\t\t\t\t<\/div>\n\t\t\t\t<div class=\"elementor-element elementor-element-5027090 elementor-widget-divider--separator-type-pattern elementor-widget-divider--view-line elementor-widget elementor-widget-divider\" data-id=\"5027090\" data-element_type=\"widget\" data-widget_type=\"divider.default\">\n\t\t\t\t<div class=\"elementor-widget-container\">\n\t\t\t\t\t<div class=\"elementor-divider\" style=\"--divider-pattern-url: url(&quot;data:image\/svg+xml,%3Csvg xmlns=&#039;http:\/\/www.w3.org\/2000\/svg&#039; preserveAspectRatio=&#039;none&#039; overflow=&#039;visible&#039; height=&#039;100%&#039; viewBox=&#039;0 0 20 16&#039; fill=&#039;none&#039; stroke=&#039;black&#039; stroke-width=&#039;1&#039; stroke-linecap=&#039;square&#039; stroke-miterlimit=&#039;10&#039;%3E%3Cg transform=&#039;translate(-12.000000, 0)&#039;%3E%3Cpath d=&#039;M28,0L10,18&#039;\/%3E%3Cpath d=&#039;M18,0L0,18&#039;\/%3E%3Cpath d=&#039;M48,0L30,18&#039;\/%3E%3Cpath d=&#039;M38,0L20,18&#039;\/%3E%3C\/g%3E%3C\/svg%3E&quot;);\">\n\t\t\t<span class=\"elementor-divider-separator\">\n\t\t\t\t\t\t<\/span>\n\t\t<\/div>\n\t\t\t\t<\/div>\n\t\t\t\t<\/div>\n\t\t\t\t<div class=\"elementor-element elementor-element-a109536 elementor-widget elementor-widget-heading\" data-id=\"a109536\" data-element_type=\"widget\" data-widget_type=\"heading.default\">\n\t\t\t\t<div class=\"elementor-widget-container\">\n\t\t\t<h5 class=\"elementor-heading-title elementor-size-default\">Good Practices<\/h5>\t\t<\/div>\n\t\t\t\t<\/div>\n\t\t\t\t<div class=\"elementor-element elementor-element-e043843 elementor-widget elementor-widget-text-editor\" data-id=\"e043843\" data-element_type=\"widget\" data-widget_type=\"text-editor.default\">\n\t\t\t\t<div class=\"elementor-widget-container\">\n\t\t\t\t\t\t\t<p>The first step to ensuring persons with deafblindness enjoy the right to an adequate standard of living is to <strong>ensure that<\/strong> <strong>deafblindness is legally recognised as a distinct disability<\/strong>. This enables the development of tailored information, guidance, and eligibility of social protection schemes and paves the way for targeted interventions in other disability-specific and mainstream services, such as health, education, CBR, etc., as disability identification cards are used in many countries to access tailored supports. In addition, measures should be taken to increase birth registrations and access to official identification, such as birth certificates, for children with deafblindness.<\/p><p>\u00a0<\/p><p>The following measures reflect good practices for the social protection of persons with deafblindness:<\/p><p>\u00a0<\/p><p>Social protection schemes consider both the <strong>poverty-related aspects of persons with deafblindness and their families as well as the extra costs of having deafblindness<\/strong>, particularly in relation to the availability of free or affordable, inclusive services, including health, education, TVET, CBR, etc.<\/p><p>\u00a0<\/p><p><strong>A holistic, targeted approach for households with persons with deafblindness<\/strong> and for those with high support requirements is more likely to lead to greater independence and autonomy while addressing poverty. This should include <strong>specific guidance to social workers and information to persons with deafblindness<\/strong> and their families on the schemes and programmes that they are entitled to, as well as linkages to community-based supports from OPDs, NGOs, schools, health centres, etc.<\/p><p>\u00a0<\/p><p><strong>Some specific considerations for social protection<\/strong>, depending on the situation in the country, include:<\/p><p>\u00a0<\/p><ul><li>health costs for identification, assessment, and treatment of health conditions related to deafblindness<\/li><\/ul><p>\u00a0<\/p><ul><li>Rehabilitation services<\/li><\/ul><p>\u00a0<\/p><ul><li>Access to assistive devices and technologies<\/li><\/ul><p>\u00a0<\/p><ul><li>Access to live assistance, including interpreter-guides\/Deafblind interpreters, respite care, carers, etc.<\/li><\/ul><p>\u00a0<\/p><ul><li>Additional education costs (e.g., tutoring, teaching assistants, accessible learning materials, etc.)<\/li><\/ul><p>\u00a0<\/p><ul><li>Access to livelihoods for persons with deafblindness and their caretakers, including loss of income<\/li><\/ul><p>\u00a0<\/p><ul><li>Accessible infrastructure (e.g., transportation, housing, etc.)<\/li><\/ul><p>\u00a0<\/p><ul><li>Access to a support network, as many individuals and families become isolated<\/li><\/ul><p>\u00a0<\/p><p>Additional <strong>Linkages with mainstream and disability-specific services<\/strong> to ensure that social protection measures address poverty and address the costs of disability as these costs link to access to services<\/p><p>\u00a0<\/p><p><strong>Accessible information and eligibility guidance<\/strong> on the types of social protections supports available<\/p><p>\u00a0<\/p><p><strong>Training for frontline social protection workers<\/strong> and government officials on deafblindness, the measures that address their poverty issues, and the administrative barriers to accessing these measures<\/p><p>\u00a0<\/p><p><strong>Improved data collection on persons with deafblindness<\/strong> to inform planning<a href=\"#_edn1\" name=\"_ednref1\"><sup>[i]<\/sup><\/a>.<\/p><p><a href=\"#_ednref1\" name=\"_edn1\"><sup>[i]<\/sup><\/a> Sense International Uganda, The Economic Impact of Caring for a Child with Deafblindness \/ Multi-Sensory Impairment, November 2019, p. 29-30 &amp; 53-54; World Federation of the Deafblind, <em>At risk of exclusion from CRPD and SDG implementation: Inequality and Persons with Deafblindness<\/em>, <a href=\"https:\/\/wfdb.eu\/wfdb-report-2018\/\">https:\/\/wfdb.eu\/wfdb-report-2018\/<\/a>, September 2018, p. 20.<\/p>\t\t\t\t\t\t<\/div>\n\t\t\t\t<\/div>\n\t\t\t\t<div class=\"elementor-element elementor-element-da22041 elementor-widget-divider--separator-type-pattern elementor-widget-divider--view-line elementor-widget elementor-widget-divider\" data-id=\"da22041\" data-element_type=\"widget\" data-widget_type=\"divider.default\">\n\t\t\t\t<div class=\"elementor-widget-container\">\n\t\t\t\t\t<div class=\"elementor-divider\" style=\"--divider-pattern-url: url(&quot;data:image\/svg+xml,%3Csvg xmlns=&#039;http:\/\/www.w3.org\/2000\/svg&#039; preserveAspectRatio=&#039;none&#039; overflow=&#039;visible&#039; height=&#039;100%&#039; viewBox=&#039;0 0 20 16&#039; fill=&#039;none&#039; stroke=&#039;black&#039; stroke-width=&#039;1&#039; stroke-linecap=&#039;square&#039; stroke-miterlimit=&#039;10&#039;%3E%3Cg transform=&#039;translate(-12.000000, 0)&#039;%3E%3Cpath d=&#039;M28,0L10,18&#039;\/%3E%3Cpath d=&#039;M18,0L0,18&#039;\/%3E%3Cpath d=&#039;M48,0L30,18&#039;\/%3E%3Cpath d=&#039;M38,0L20,18&#039;\/%3E%3C\/g%3E%3C\/svg%3E&quot;);\">\n\t\t\t<span class=\"elementor-divider-separator\">\n\t\t\t\t\t\t<\/span>\n\t\t<\/div>\n\t\t\t\t<\/div>\n\t\t\t\t<\/div>\n\t\t\t\t<div class=\"elementor-element elementor-element-e405079 elementor-widget elementor-widget-heading\" data-id=\"e405079\" data-element_type=\"widget\" data-widget_type=\"heading.default\">\n\t\t\t\t<div class=\"elementor-widget-container\">\n\t\t\t<h5 class=\"elementor-heading-title elementor-size-default\">Recommendations<\/h5>\t\t<\/div>\n\t\t\t\t<\/div>\n\t\t\t\t<div class=\"elementor-element elementor-element-faba1a1 elementor-widget elementor-widget-text-editor\" data-id=\"faba1a1\" data-element_type=\"widget\" data-widget_type=\"text-editor.default\">\n\t\t\t\t<div class=\"elementor-widget-container\">\n\t\t\t\t\t\t\t<p class=\"MsoNormal\" style=\"margin: 0cm 4.75pt 0cm 0cm;\"><b><span lang=\"EN-GB\">Governments<\/span><\/b><\/p><ul><li class=\"MsoNormal\"><b><span lang=\"EN-GB\">\u00a0<\/span><\/b><span lang=\"EN-GB\" style=\"text-indent: -18pt;\">Legally recognise deafblindness as a distinct disability<\/span><\/li><li class=\"MsoNormal\" style=\"border: none;\"><span lang=\"EN-GB\">\u00a0<\/span><span lang=\"EN-GB\">Strengthen birth registration, disability identification, and other administrative processes for children and adults with deafblindness to enable them to access social protection schemes and programmes<\/span><\/li><li class=\"MsoNormal\" style=\"border: none;\"><span lang=\"EN-GB\">\u00a0<\/span><span lang=\"EN-GB\">Amend social protection schemes to consider both the poverty-related aspects of persons with deafblindness and their families, as well as the extra costs of having deafblindness, and create linkages with other mainstream and disability-specific services to reduce dependency on social protection mechanisms<\/span><\/li><li class=\"MsoNormal\" style=\"border: none;\"><span lang=\"EN-GB\">\u00a0<\/span><span lang=\"EN-GB\">Adopt a holistic approach to working with families with persons with deafblindness with high support requirements<\/span><\/li><li class=\"MsoNormal\" style=\"border: none;\"><span lang=\"EN-GB\">\u00a0<\/span><span lang=\"EN-GB\">Train social workers on deafblindness, the measures that address their poverty issues, and the administrative barriers. Create guidance for social workers to enable their continued support for persons with deafblindness<\/span><\/li><li class=\"MsoNormal\" style=\"border: none;\"><span lang=\"EN-GB\">\u00a0<\/span><span lang=\"EN-GB\">Make eligibility guidance and information on social protection schemes available in accessible formats<\/span><\/li><li class=\"MsoNormal\" style=\"border: none;\"><span lang=\"EN-GB\">\u00a0<\/span><span lang=\"EN-GB\">Collect reliable data on persons with deafblindness to inform planning<\/span><\/li><\/ul><p class=\"MsoNormal\" style=\"margin: 0cm 4.75pt 0cm 0cm;\"><b><span lang=\"EN-GB\">\u00a0<\/span><\/b><\/p><p class=\"MsoNormal\" style=\"margin: 0cm 4.75pt 0cm 0cm;\"><b><span lang=\"EN-GB\">\u00a0<\/span><\/b><b><span lang=\"EN-GB\">OPDs and NGOs<\/span><\/b><\/p><ul><li class=\"MsoNormal\"><b><span lang=\"EN-GB\">\u00a0<\/span><\/b><span lang=\"EN-GB\">Document the extra costs of having deafblindness and make recommendations to the social protection system based on the findings<\/span><\/li><li class=\"MsoNormal\"><b><span lang=\"EN-GB\">\u00a0<\/span><\/b><span lang=\"EN-GB\">Develop sensitisation and training resources for social workers on deafblindness and their requirements <\/span><\/li><li class=\"MsoNormal\"><b><span lang=\"EN-GB\">\u00a0<\/span><\/b><span lang=\"EN-GB\">Work with persons with deafblindness, families, and social workers to design specific guidance and information for social workers supporting persons with deafblindness and their families on the social protection schemes and programmes that they are entitled to. Establish linkages between community-based supports from OPDs, NGOs, schools, health centres, etc., and government-run social protection schemes and programmes<\/span><\/li><\/ul><p><b><span lang=\"EN-GB\">\u00a0<\/span><\/b><\/p><p><b><span lang=\"EN-GB\">Donors and Research Institutes<\/span><\/b><\/p><ul><li class=\"MsoNormal\"><b><span lang=\"EN-GB\">\u00a0<\/span><\/b><span lang=\"EN-GB\">Conduct research on the links between poverty and deafblindness, including the extra costs of having deafblindness and the burden this places on households and the prevalence and impact of single-parent households for children with deafblindness.<\/span><\/li><\/ul>\t\t\t\t\t\t<\/div>\n\t\t\t\t<\/div>\n\t\t\t\t\t<\/div>\n\t\t<\/div>\n\t\t\t\t\t\t\t<\/div>\n\t\t<\/section>\n\t\t\t\t<section class=\"elementor-section elementor-top-section elementor-element elementor-element-b01c6c5 elementor-section-boxed elementor-section-height-default elementor-section-height-default\" data-id=\"b01c6c5\" data-element_type=\"section\">\n\t\t\t\t\t\t<div class=\"elementor-container elementor-column-gap-default\">\n\t\t\t\t\t<div class=\"elementor-column elementor-col-33 elementor-top-column elementor-element elementor-element-399093b\" data-id=\"399093b\" data-element_type=\"column\">\n\t\t\t<div class=\"elementor-widget-wrap\">\n\t\t\t\t\t\t\t\t\t<\/div>\n\t\t<\/div>\n\t\t\t\t<div class=\"elementor-column elementor-col-33 elementor-top-column elementor-element elementor-element-62fe4b9\" data-id=\"62fe4b9\" data-element_type=\"column\">\n\t\t\t<div class=\"elementor-widget-wrap elementor-element-populated\">\n\t\t\t\t\t\t\t\t<div class=\"elementor-element elementor-element-c10543e elementor-align-left elementor-widget elementor-widget-button\" data-id=\"c10543e\" data-element_type=\"widget\" data-widget_type=\"button.default\">\n\t\t\t\t<div class=\"elementor-widget-container\">\n\t\t\t\t\t<div class=\"elementor-button-wrapper\">\n\t\t\t<a href=\"https:\/\/wfdb.eu\/wfdb-report-2022\/work-employment-and-technical-and-vocational-training\/\" class=\"elementor-button-link elementor-button elementor-size-sm\" role=\"button\">\n\t\t\t\t\t\t<span class=\"elementor-button-content-wrapper\">\n\t\t\t\t\t\t<span class=\"elementor-button-text\">Return to work, employment, and technical and vocational trainign<\/span>\n\t\t<\/span>\n\t\t\t\t\t<\/a>\n\t\t<\/div>\n\t\t\t\t<\/div>\n\t\t\t\t<\/div>\n\t\t\t\t\t<\/div>\n\t\t<\/div>\n\t\t\t\t<div class=\"elementor-column elementor-col-33 elementor-top-column elementor-element elementor-element-52a179d\" data-id=\"52a179d\" data-element_type=\"column\">\n\t\t\t<div class=\"elementor-widget-wrap elementor-element-populated\">\n\t\t\t\t\t\t\t\t<div class=\"elementor-element elementor-element-0ecd187 elementor-align-right elementor-widget elementor-widget-button\" data-id=\"0ecd187\" data-element_type=\"widget\" data-widget_type=\"button.default\">\n\t\t\t\t<div class=\"elementor-widget-container\">\n\t\t\t\t\t<div class=\"elementor-button-wrapper\">\n\t\t\t<a href=\"https:\/\/wfdb.eu\/wfdb-report-2022\/bangladesh\/\" class=\"elementor-button-link elementor-button elementor-size-sm\" role=\"button\">\n\t\t\t\t\t\t<span class=\"elementor-button-content-wrapper\">\n\t\t\t\t\t\t<span class=\"elementor-button-text\">Continue to the next chapter<\/span>\n\t\t<\/span>\n\t\t\t\t\t<\/a>\n\t\t<\/div>\n\t\t\t\t<\/div>\n\t\t\t\t<\/div>\n\t\t\t\t\t<\/div>\n\t\t<\/div>\n\t\t\t\t\t\t\t<\/div>\n\t\t<\/section>\n\t\t\t\t\t\t\t<\/div>\n\t\t","protected":false},"excerpt":{"rendered":"<p>Este informe de la situaci\u00f3n de las personas con sordoceguera busca dar comienzo a un di\u00e1logo entre las partes interesadas a nivel internacional y est\u00e1 basado en las investigaciones, combinando el mayor an\u00e1lisis basado en poblaci\u00f3n sobre personas con sordoceguera realizado hasta la fecha, revisi\u00f3n bibliogr\u00e1fica, y dos encuestas realizadas a miembros y asociados de WFDB y Sense Internacional. <\/p>\n","protected":false},"author":4,"featured_media":1890,"parent":7206,"menu_order":0,"comment_status":"closed","ping_status":"closed","template":"elementor_header_footer","meta":{"footnotes":""},"categories":[],"tags":[],"class_list":["post-7444","page","type-page","status-publish","has-post-thumbnail","hentry"],"jetpack_sharing_enabled":true,"_links":{"self":[{"href":"https:\/\/wfdb.eu\/wp-json\/wp\/v2\/pages\/7444","targetHints":{"allow":["GET"]}}],"collection":[{"href":"https:\/\/wfdb.eu\/wp-json\/wp\/v2\/pages"}],"about":[{"href":"https:\/\/wfdb.eu\/wp-json\/wp\/v2\/types\/page"}],"author":[{"embeddable":true,"href":"https:\/\/wfdb.eu\/wp-json\/wp\/v2\/users\/4"}],"replies":[{"embeddable":true,"href":"https:\/\/wfdb.eu\/wp-json\/wp\/v2\/comments?post=7444"}],"version-history":[{"count":7,"href":"https:\/\/wfdb.eu\/wp-json\/wp\/v2\/pages\/7444\/revisions"}],"predecessor-version":[{"id":7608,"href":"https:\/\/wfdb.eu\/wp-json\/wp\/v2\/pages\/7444\/revisions\/7608"}],"up":[{"embeddable":true,"href":"https:\/\/wfdb.eu\/wp-json\/wp\/v2\/pages\/7206"}],"wp:featuredmedia":[{"embeddable":true,"href":"https:\/\/wfdb.eu\/wp-json\/wp\/v2\/media\/1890"}],"wp:attachment":[{"href":"https:\/\/wfdb.eu\/wp-json\/wp\/v2\/media?parent=7444"}],"wp:term":[{"taxonomy":"category","embeddable":true,"href":"https:\/\/wfdb.eu\/wp-json\/wp\/v2\/categories?post=7444"},{"taxonomy":"post_tag","embeddable":true,"href":"https:\/\/wfdb.eu\/wp-json\/wp\/v2\/tags?post=7444"}],"curies":[{"name":"wp","href":"https:\/\/api.w.org\/{rel}","templated":true}]}}